{"id":13,"date":"2023-06-12T22:44:59","date_gmt":"2023-06-12T20:44:59","guid":{"rendered":"https:\/\/www.zicosite.fr\/new_site\/?page_id=13"},"modified":"2025-02-17T21:20:07","modified_gmt":"2025-02-17T20:20:07","slug":"spectacles","status":"publish","type":"page","link":"https:\/\/www.zicosite.fr\/new_site\/spectacles\/","title":{"rendered":"Spectacles"},"content":{"rendered":"\n<p><\/p>\n\n\n\n<div class=\"wp-block-media-text alignwide has-media-on-the-right is-stacked-on-mobile\" style=\"grid-template-columns:auto 31%\"><div class=\"wp-block-media-text__content\">\n<p class=\"has-large-font-size\"><strong>2025 : G\u00e9n\u00e9ration Zicos<\/strong><\/p>\n\n\n\n<p><strong>En bref&#8230;<\/strong><\/p>\n\n\n\n<p><strong>Seizi\u00e8me spectacle<\/strong> : 31 chanteurs et 13 musiciens sur sc\u00e8ne<\/p>\n\n\n\n<p><strong>Produit par<\/strong> : La Troupe des Zicos<\/p>\n\n\n\n<p><strong>Dur\u00e9e du concert<\/strong> : 2h55<\/p>\n\n\n\n<p><strong>Direction musicale et Arrangements <\/strong>: Nathan Bedel<\/p>\n\n\n\n<p><strong>Direction artistique et Mise en sc\u00e8ne<\/strong> : M\u00e9rav Doukhan et Dorian Bedel<\/p>\n\n\n\n<p><strong><span style=\"text-decoration: underline;\">Repr\u00e9sentations<\/span><\/strong> : 10 concerts du 8 au 16 f\u00e9vrier 2025 au CCJB de Villebon sur Yvette<\/p>\n\n\n\n<p><strong>Nombre de spectateurs<\/strong> : 4240<\/p>\n\n\n\n<p><a href=\"https:\/\/www.zicosite.fr\/new_site\/wp-content\/uploads\/2025\/02\/Spectacle-2025.pdf\" target=\"_blank\" rel=\"noreferrer noopener\">voir la playlist du spectacle<\/a><\/p>\n<\/div><figure class=\"wp-block-media-text__media\"><img loading=\"lazy\" decoding=\"async\" width=\"727\" height=\"1024\" src=\"https:\/\/www.zicosite.fr\/new_site\/wp-content\/uploads\/2024\/09\/Affiche-Zicos-2025-727x1024.jpg\" alt=\"\" class=\"wp-image-1088 size-full\" srcset=\"https:\/\/www.zicosite.fr\/new_site\/wp-content\/uploads\/2024\/09\/Affiche-Zicos-2025-727x1024.jpg 727w, https:\/\/www.zicosite.fr\/new_site\/wp-content\/uploads\/2024\/09\/Affiche-Zicos-2025-213x300.jpg 213w, https:\/\/www.zicosite.fr\/new_site\/wp-content\/uploads\/2024\/09\/Affiche-Zicos-2025-768x1082.jpg 768w, https:\/\/www.zicosite.fr\/new_site\/wp-content\/uploads\/2024\/09\/Affiche-Zicos-2025-1091x1536.jpg 1091w, https:\/\/www.zicosite.fr\/new_site\/wp-content\/uploads\/2024\/09\/Affiche-Zicos-2025.jpg 1454w\" sizes=\"auto, (max-width: 727px) 100vw, 727px\" \/><\/figure><\/div>\n\n\n\n<div class=\"wp-block-media-text alignwide is-stacked-on-mobile\" style=\"grid-template-columns:30% auto\"><figure class=\"wp-block-media-text__media\"><img loading=\"lazy\" decoding=\"async\" width=\"723\" height=\"1024\" src=\"https:\/\/www.zicosite.fr\/new_site\/wp-content\/uploads\/2023\/08\/Affiche2024-723x1024.png\" alt=\"\" class=\"wp-image-308 size-full\" srcset=\"https:\/\/www.zicosite.fr\/new_site\/wp-content\/uploads\/2023\/08\/Affiche2024-723x1024.png 723w, https:\/\/www.zicosite.fr\/new_site\/wp-content\/uploads\/2023\/08\/Affiche2024-212x300.png 212w, https:\/\/www.zicosite.fr\/new_site\/wp-content\/uploads\/2023\/08\/Affiche2024-768x1087.png 768w, https:\/\/www.zicosite.fr\/new_site\/wp-content\/uploads\/2023\/08\/Affiche2024-1085x1536.png 1085w, https:\/\/www.zicosite.fr\/new_site\/wp-content\/uploads\/2023\/08\/Affiche2024-1446x2048.png 1446w\" sizes=\"auto, (max-width: 723px) 100vw, 723px\" \/><\/figure><div class=\"wp-block-media-text__content\">\n<div class=\"wp-block-group has-global-padding is-layout-constrained wp-block-group-is-layout-constrained\">\n<p class=\"has-large-font-size\"><strong>2024&nbsp;: Il \u00e9tait une fois&#8230; Les Zicos<\/strong> <\/p>\n\n\n\n<p><strong>En bref&#8230;<\/strong>&nbsp;<\/p>\n\n\n\n<p><strong>Quinzi\u00e8me spectacle<\/strong>&nbsp;: 31 chanteurs et 11 musiciens sur sc\u00e8ne.<\/p>\n\n\n\n<p><strong>Produit par<\/strong>&nbsp;: La Troupe des Zicos<\/p>\n\n\n\n<p><strong>Dur\u00e9e du concert<\/strong>&nbsp;: 2h50<\/p>\n\n\n\n<p><strong>Direction musicale et Arrangements<\/strong>: Nathan Bedel<\/p>\n\n\n\n<p><strong>Direction artistique et Mise en sc\u00e8ne<\/strong>&nbsp;: M\u00e9rav Doukhan &amp; Dorian Bedel<\/p>\n\n\n\n<p><strong><u>Repr\u00e9sentations<\/u><\/strong>&nbsp;: 7 concerts du 23 au 28 f\u00e9vrier2024 \u00e0 la Salle G\u00e9rard Philipe de Sainte Genevi\u00e8ve des Bois.<\/p>\n\n\n\n<p><strong>Nombre de spectateurs<\/strong>&nbsp;: 3360<\/p>\n\n\n\n<div class=\"wp-block-file\"><a id=\"wp-block-file--media-7727fd31-0cb6-43f7-af5e-3564a8bf62f7\" href=\"https:\/\/www.zicosite.fr\/new_site\/wp-content\/uploads\/2024\/02\/Spectacle-2024.pdf\" target=\"_blank\" rel=\"noreferrer noopener\"><strong>Voir la playlist du spectacle<\/strong><\/a><\/div>\n<\/div>\n<\/div><\/div>\n\n\n\n<div class=\"wp-block-media-text alignwide has-media-on-the-right is-stacked-on-mobile\" style=\"grid-template-columns:auto 30%\"><div class=\"wp-block-media-text__content\">\n<div class=\"wp-block-group has-global-padding is-layout-constrained wp-block-group-is-layout-constrained\">\n<p class=\"has-large-font-size\"><strong>2022&nbsp;: Autour des Zicos<\/strong> <\/p>\n\n\n\n<p><strong>En bref&#8230;<\/strong>&nbsp;<\/p>\n\n\n\n<p><strong>Quatorzi\u00e8me spectacle<\/strong>&nbsp;: 31 chanteurs et 11 musiciens sur sc\u00e8ne.<\/p>\n\n\n\n<p><strong>Produit par<\/strong>&nbsp;: La Troupe des Zicos et la ville de Villejust<\/p>\n\n\n\n<p><strong>Dur\u00e9e du concert<\/strong>&nbsp;: 2h40<\/p>\n\n\n\n<p><strong>Direction musicale et Arrangements<\/strong>: Nathan Bedel<\/p>\n\n\n\n<p><strong>Direction artistique et Mise en sc\u00e8ne<\/strong>&nbsp;: M\u00e9rav Doukhan &amp; Dorian Bedel<\/p>\n\n\n\n<p><strong><u>Repr\u00e9sentations<\/u><\/strong>&nbsp;: 11 concerts du 5 au 13 novembre 2022 au Complexe de la Poupardi\u00e8re \u00e0 Villejust.<\/p>\n\n\n\n<p><strong>Nombre de spectateurs<\/strong>&nbsp;: 3379<\/p>\n<\/div>\n<\/div><figure class=\"wp-block-media-text__media\"><a href=\"https:\/\/www.zicosite.fr\/new_site\/la-play-list-de-autour-des-zicos\/\" target=\"_blank\" rel=\"noreferrer noopener\"><img loading=\"lazy\" decoding=\"async\" width=\"445\" height=\"629\" src=\"https:\/\/www.zicosite.fr\/new_site\/wp-content\/uploads\/2023\/06\/Affiche_2022_small.jpg\" alt=\"\" class=\"wp-image-14 size-full\" srcset=\"https:\/\/www.zicosite.fr\/new_site\/wp-content\/uploads\/2023\/06\/Affiche_2022_small.jpg 445w, https:\/\/www.zicosite.fr\/new_site\/wp-content\/uploads\/2023\/06\/Affiche_2022_small-212x300.jpg 212w\" sizes=\"auto, (max-width: 445px) 100vw, 445px\" \/><\/a><\/figure><\/div>\n\n\n\n<div class=\"wp-block-media-text alignwide is-stacked-on-mobile\" style=\"grid-template-columns:35% auto\"><figure class=\"wp-block-media-text__media\"><a href=\"https:\/\/www.zicosite.fr\/new_site\/la-play-list-de-les-zicos-saison-13\/\" target=\"_blank\" rel=\"noreferrer noopener\"><img loading=\"lazy\" decoding=\"async\" width=\"730\" height=\"1024\" src=\"https:\/\/www.zicosite.fr\/new_site\/wp-content\/uploads\/2023\/06\/affiche_leszicos2021-730x1024.jpg\" alt=\"\" class=\"wp-image-24 size-full\" srcset=\"https:\/\/www.zicosite.fr\/new_site\/wp-content\/uploads\/2023\/06\/affiche_leszicos2021-730x1024.jpg 730w, https:\/\/www.zicosite.fr\/new_site\/wp-content\/uploads\/2023\/06\/affiche_leszicos2021-214x300.jpg 214w, https:\/\/www.zicosite.fr\/new_site\/wp-content\/uploads\/2023\/06\/affiche_leszicos2021-768x1077.jpg 768w, https:\/\/www.zicosite.fr\/new_site\/wp-content\/uploads\/2023\/06\/affiche_leszicos2021-1095x1536.jpg 1095w, https:\/\/www.zicosite.fr\/new_site\/wp-content\/uploads\/2023\/06\/affiche_leszicos2021-1460x2048.jpg 1460w, https:\/\/www.zicosite.fr\/new_site\/wp-content\/uploads\/2023\/06\/affiche_leszicos2021-scaled.jpg 1826w\" sizes=\"auto, (max-width: 730px) 100vw, 730px\" \/><\/a><\/figure><div class=\"wp-block-media-text__content\">\n<div class=\"wp-block-group has-global-padding is-layout-constrained wp-block-group-is-layout-constrained\">\n<p class=\"has-large-font-size\"><strong>2021&nbsp;: Les Zicos &#8211; Saison 13<\/strong><\/p>\n\n\n\n<p><strong>En bref&#8230;<\/strong>&nbsp;<\/p>\n\n\n\n<p><strong>Treizi\u00e8me spectacle<\/strong>&nbsp;: 31 chanteurs et 12 musiciens sur sc\u00e8ne.<\/p>\n\n\n\n<p><strong>Produit par<\/strong>&nbsp;: La Troupe des Zicos<\/p>\n\n\n\n<p><strong>Dur\u00e9e du concert<\/strong>&nbsp;: 2h45<\/p>\n\n\n\n<p><strong>Arrangements<\/strong>: Nathan Bedel<\/p>\n\n\n\n<p><strong>Direction musicale<\/strong>: Anthony Girod David<\/p>\n\n\n\n<p><strong>Direction artistique et Mise en sc\u00e8ne<\/strong>&nbsp;: M\u00e9rav Doukhan &amp; Dorian Bedel<\/p>\n\n\n\n<p><strong><u>Repr\u00e9sentations<\/u><\/strong>&nbsp;: 9 concerts du 6 au 14 novembre 2021 au Centre Culturel Jacques Brel de Villebon sur Yvette.<\/p>\n\n\n\n<p><strong>Nombre de spectateurs<\/strong>&nbsp;: 3550<\/p>\n<\/div>\n<\/div><\/div>\n\n\n\n<div class=\"wp-block-media-text alignwide has-media-on-the-right is-stacked-on-mobile\" style=\"grid-template-columns:auto 35%\"><div class=\"wp-block-media-text__content\">\n<div class=\"wp-block-group has-global-padding is-layout-constrained wp-block-group-is-layout-constrained\">\n<p class=\"has-large-font-size\"><strong>2020 : \u00ab\u00a0Destination Zicos\u00a0\u00bb<\/strong><\/p>\n\n\n\n<p><strong>En bref&#8230;<\/strong><\/p>\n\n\n\n<p><strong>Douzi\u00e8me spectacle<\/strong>&nbsp;: 30 chanteurs et 13 musiciens sur sc\u00e8ne.<\/p>\n\n\n\n<p><strong>Dur\u00e9e du concert<\/strong>&nbsp;: 2h45<\/p>\n\n\n\n<p><strong>Produit par<\/strong>&nbsp;: La Troupe des Zicos<\/p>\n\n\n\n<p><strong>Direction musicale et arrangements<\/strong>: Nathan Bedel<\/p>\n\n\n\n<p><strong>Direction artistique, Mise en sc\u00e8ne<\/strong>&nbsp;: Dorian Bedel &amp; Merav Doukhan<\/p>\n\n\n\n<p><strong><u>Repr\u00e9sentations<\/u><\/strong>&nbsp;: Les 21, 22 (Apr\u00e8s-midi et Soir\u00e9e), 23, 24 et 25 f\u00e9vrier 2020 \u00e0 la salle G\u00e9rard Philipe de Sainte Genevi\u00e8ve des Bois.<\/p>\n\n\n\n<p><strong>Nombre de spectateurs<\/strong>&nbsp;: 2950<\/p>\n<\/div>\n<\/div><figure class=\"wp-block-media-text__media\"><a href=\"https:\/\/www.zicosite.fr\/new_site\/la-play-list-de-destination-zicos\/\" target=\"_blank\" rel=\"noreferrer noopener\"><img loading=\"lazy\" decoding=\"async\" width=\"354\" height=\"500\" src=\"https:\/\/www.zicosite.fr\/new_site\/wp-content\/uploads\/2023\/06\/affiche2020_mini.jpg\" alt=\"\" class=\"wp-image-26 size-full\" srcset=\"https:\/\/www.zicosite.fr\/new_site\/wp-content\/uploads\/2023\/06\/affiche2020_mini.jpg 354w, https:\/\/www.zicosite.fr\/new_site\/wp-content\/uploads\/2023\/06\/affiche2020_mini-212x300.jpg 212w\" sizes=\"auto, (max-width: 354px) 100vw, 354px\" \/><\/a><\/figure><\/div>\n\n\n\n<div class=\"wp-block-media-text alignwide is-stacked-on-mobile\" style=\"grid-template-columns:35% auto\"><figure class=\"wp-block-media-text__media\"><a href=\"https:\/\/www.zicosite.fr\/new_site\/la-play-list-de-flash-sur-les-zicos\/\" target=\"_blank\" rel=\"noreferrer noopener\"><img loading=\"lazy\" decoding=\"async\" width=\"354\" height=\"500\" src=\"https:\/\/www.zicosite.fr\/new_site\/wp-content\/uploads\/2023\/06\/affiche2019_mini.jpg\" alt=\"\" class=\"wp-image-27 size-full\" srcset=\"https:\/\/www.zicosite.fr\/new_site\/wp-content\/uploads\/2023\/06\/affiche2019_mini.jpg 354w, https:\/\/www.zicosite.fr\/new_site\/wp-content\/uploads\/2023\/06\/affiche2019_mini-212x300.jpg 212w\" sizes=\"auto, (max-width: 354px) 100vw, 354px\" \/><\/a><\/figure><div class=\"wp-block-media-text__content\">\n<div class=\"wp-block-group has-global-padding is-layout-constrained wp-block-group-is-layout-constrained\">\n<p class=\"has-large-font-size\"><strong>2019<\/strong><strong>&nbsp;: \u00ab\u00a0Flash sur les Zicos\u00a0\u00bb<\/strong><\/p>\n\n\n\n<p><strong>En bref&#8230;<\/strong>&nbsp;<\/p>\n\n\n\n<p><strong>Onzi\u00e8me spectacle<\/strong>&nbsp;: 31 chanteurs et 12 musiciens sur sc\u00e8ne.<\/p>\n\n\n\n<p><strong>Produit par<\/strong>&nbsp;: La Troupe des Zicos<\/p>\n\n\n\n<p><strong>Dur\u00e9e du concert<\/strong>&nbsp;: 2h40<\/p>\n\n\n\n<p><strong>Direction musicale<\/strong>: Anthony Girod David<\/p>\n\n\n\n<p><strong>Arrangements et orchestration<\/strong>: Nathan Bedel<\/p>\n\n\n\n<p><strong>Direction artistique et Mise en sc\u00e8ne<\/strong>&nbsp;: M\u00e9rav Doukhan &amp; Dorian Bedel<\/p>\n\n\n\n<p><strong><u>Repr\u00e9sentations<\/u><\/strong>&nbsp;: les 8, 9 (apr\u00e8s-midi et soir), 10, 11 et 12 mars 2019 au Complexe Pablo Picasso de Saulx les Chartreux.<\/p>\n\n\n\n<p><strong>Nombre de spectateurs<\/strong>&nbsp;: 2550<\/p>\n<\/div>\n<\/div><\/div>\n\n\n\n<div class=\"wp-block-media-text alignwide has-media-on-the-right is-stacked-on-mobile\" style=\"grid-template-columns:auto 35%\"><div class=\"wp-block-media-text__content\">\n<div class=\"wp-block-group has-global-padding is-layout-constrained wp-block-group-is-layout-constrained\">\n<p class=\"has-large-font-size\"><strong>2018 : \u00ab\u00a0Les Zicos partent en live !\u00a0\u00bb<\/strong><\/p>\n\n\n\n<p><strong>En bref&#8230;<\/strong><\/p>\n\n\n\n<p><strong>Dixi\u00e8me spectacle<\/strong>&nbsp;: 31 chanteurs et 12 musiciens sur sc\u00e8ne.<\/p>\n\n\n\n<p><strong>Dur\u00e9e du concert<\/strong>&nbsp;: 2h35<\/p>\n\n\n\n<p><strong>Produit par<\/strong>&nbsp;: La Troupe des Zicos<\/p>\n\n\n\n<p><strong>Direction musicale et arrangements<\/strong>: Nathan Bedel<\/p>\n\n\n\n<p><strong>Direction artistique, Mise en sc\u00e8ne<\/strong>&nbsp;: Dorian Bedel &amp; Merav Doukhan<\/p>\n\n\n\n<p><strong><u>Repr\u00e9sentations<\/u><\/strong>&nbsp;: Les 2, 3, 4, 5 et 6 mars 2018 \u00e0 la salle G\u00e9rard Philipe de Sainte Genevi\u00e8ve des Bois.<\/p>\n\n\n\n<p><strong>Nombre de spectateurs<\/strong>&nbsp;: 2339<\/p>\n<\/div>\n<\/div><figure class=\"wp-block-media-text__media\"><a href=\"https:\/\/www.zicosite.fr\/new_site\/la-play-list-de-les-zicos-partent-en-live\/\" target=\"_blank\" rel=\"noreferrer noopener\"><img loading=\"lazy\" decoding=\"async\" width=\"315\" height=\"445\" src=\"https:\/\/www.zicosite.fr\/new_site\/wp-content\/uploads\/2023\/06\/affiche2018_mini.jpg\" alt=\"\" class=\"wp-image-28 size-full\" srcset=\"https:\/\/www.zicosite.fr\/new_site\/wp-content\/uploads\/2023\/06\/affiche2018_mini.jpg 315w, https:\/\/www.zicosite.fr\/new_site\/wp-content\/uploads\/2023\/06\/affiche2018_mini-212x300.jpg 212w\" sizes=\"auto, (max-width: 315px) 100vw, 315px\" \/><\/a><\/figure><\/div>\n\n\n\n<div class=\"wp-block-media-text alignwide is-stacked-on-mobile\" style=\"grid-template-columns:35% auto\"><figure class=\"wp-block-media-text__media\"><a href=\"https:\/\/www.zicosite.fr\/new_site\/la-play-list-de-2016-mission-zicos\/\" target=\"_blank\" rel=\"noreferrer noopener\"><img loading=\"lazy\" decoding=\"async\" width=\"357\" height=\"500\" src=\"https:\/\/www.zicosite.fr\/new_site\/wp-content\/uploads\/2023\/06\/affiche2016_mini.jpg\" alt=\"\" class=\"wp-image-29 size-full\" srcset=\"https:\/\/www.zicosite.fr\/new_site\/wp-content\/uploads\/2023\/06\/affiche2016_mini.jpg 357w, https:\/\/www.zicosite.fr\/new_site\/wp-content\/uploads\/2023\/06\/affiche2016_mini-214x300.jpg 214w\" sizes=\"auto, (max-width: 357px) 100vw, 357px\" \/><\/a><\/figure><div class=\"wp-block-media-text__content\">\n<div class=\"wp-block-group has-global-padding is-layout-constrained wp-block-group-is-layout-constrained\">\n<p class=\"has-large-font-size\"><strong>2016 : \u00ab\u00a0Mission Zicos\u00a0\u00bb<\/strong><\/p>\n\n\n\n<p><strong>En bref&#8230;<\/strong>&nbsp;<\/p>\n\n\n\n<p><strong>Neuvi\u00e8me spectacle<\/strong>&nbsp;: 31 chanteurs et 12 musiciens sur sc\u00e8ne.<\/p>\n\n\n\n<p><strong>Produit par<\/strong>&nbsp;: La Troupe des Zicos et la Ville de Villebon sur Yvette<\/p>\n\n\n\n<p><strong>Dur\u00e9e du concert<\/strong>&nbsp;: 2h30<\/p>\n\n\n\n<p><strong>Direction musicale et arrangements<\/strong>: Nathan Bedel<\/p>\n\n\n\n<p><strong>Direction artistique, Mise en sc\u00e8ne<\/strong>&nbsp;: Dorian Bedel &amp; M\u00e9rav Doukhan<\/p>\n\n\n\n<p><strong><u>Repr\u00e9sentations<\/u><\/strong>&nbsp;: les 7, 8, 9 octobre 2016 et 22, 23 mars 2017 au Centre Culturel Jacques Brel de Villebon sur Yvette.<\/p>\n\n\n\n<p><strong>Nombre de spectateurs<\/strong>&nbsp;: 2166<\/p>\n<\/div>\n<\/div><\/div>\n\n\n\n<div class=\"wp-block-media-text alignwide has-media-on-the-right is-stacked-on-mobile\" style=\"grid-template-columns:auto 35%\"><div class=\"wp-block-media-text__content\">\n<div class=\"wp-block-group has-global-padding is-layout-constrained wp-block-group-is-layout-constrained\">\n<p class=\"has-large-font-size\"><strong>2015 : \u00ab\u00a0La f\u00eate des Zicos\u00a0\u00bb<\/strong><\/p>\n\n\n\n<p><strong>En bref&#8230;<\/strong><\/p>\n\n\n\n<p><strong>Huiti\u00e8me spectacle<\/strong>&nbsp;: 31 chanteurs et 12 musiciens sur sc\u00e8ne.<\/p>\n\n\n\n<p><strong>Dur\u00e9e du concert<\/strong>&nbsp;: 2h25<\/p>\n\n\n\n<p><strong>Produit par<\/strong>&nbsp;: La Troupe des Zicos et la ville de Villejust<\/p>\n\n\n\n<p><strong>Direction musicale et arrangements<\/strong>: Nathan Bedel<\/p>\n\n\n\n<p><strong>Direction artistique, Mise en sc\u00e8ne<\/strong>&nbsp;: Dorian Bedel &amp; Merav Doukhan<\/p>\n\n\n\n<p><strong><u>Repr\u00e9sentations<\/u><\/strong>&nbsp;: Les 20, 21, 22, 23 et 24 novembre 2015 au Complexe des Deux lacs \u00e0 Villejust.<\/p>\n\n\n\n<p><strong>Nombre de spectateurs<\/strong>&nbsp;: 1600<\/p>\n<\/div>\n<\/div><figure class=\"wp-block-media-text__media\"><a href=\"https:\/\/www.zicosite.fr\/new_site\/la-play-list-de-la-fete-des-zicos\/\" target=\"_blank\" rel=\"noreferrer noopener\"><img loading=\"lazy\" decoding=\"async\" width=\"600\" height=\"849\" src=\"https:\/\/www.zicosite.fr\/new_site\/wp-content\/uploads\/2023\/06\/affiche2015.jpg\" alt=\"\" class=\"wp-image-31 size-full\" srcset=\"https:\/\/www.zicosite.fr\/new_site\/wp-content\/uploads\/2023\/06\/affiche2015.jpg 600w, https:\/\/www.zicosite.fr\/new_site\/wp-content\/uploads\/2023\/06\/affiche2015-212x300.jpg 212w\" sizes=\"auto, (max-width: 600px) 100vw, 600px\" \/><\/a><\/figure><\/div>\n\n\n\n<div class=\"wp-block-media-text alignwide is-stacked-on-mobile\" style=\"grid-template-columns:35% auto\"><figure class=\"wp-block-media-text__media\"><a href=\"https:\/\/www.zicosite.fr\/new_site\/la-play-list-de-les-zicos-menent-la-danse\/\" target=\"_blank\" rel=\"noreferrer noopener\"><img loading=\"lazy\" decoding=\"async\" width=\"566\" height=\"800\" src=\"https:\/\/www.zicosite.fr\/new_site\/wp-content\/uploads\/2023\/06\/affiche_leszicos2014mini.png\" alt=\"\" class=\"wp-image-33 size-full\" srcset=\"https:\/\/www.zicosite.fr\/new_site\/wp-content\/uploads\/2023\/06\/affiche_leszicos2014mini.png 566w, https:\/\/www.zicosite.fr\/new_site\/wp-content\/uploads\/2023\/06\/affiche_leszicos2014mini-212x300.png 212w\" sizes=\"auto, (max-width: 566px) 100vw, 566px\" \/><\/a><\/figure><div class=\"wp-block-media-text__content\">\n<div class=\"wp-block-group has-global-padding is-layout-constrained wp-block-group-is-layout-constrained\">\n<p class=\"has-large-font-size\"><strong>2014 : \u00ab\u00a0Les Zicos m\u00e8nent la danse\u00a0\u00bb<\/strong><\/p>\n\n\n\n<p><strong>En bref&#8230;<\/strong>&nbsp;<\/p>\n\n\n\n<p><strong>Septi\u00e8me spectacle<\/strong>&nbsp;: 31 chanteurs et 10 musiciens sur sc\u00e8ne.<\/p>\n\n\n\n<p><strong>Dur\u00e9e du concert<\/strong>&nbsp;: 2h20<\/p>\n\n\n\n<p><strong>Direction musicale et arrangements<\/strong>: Nathan Bedel<\/p>\n\n\n\n<p><strong>Direction artistique, Mise en sc\u00e8ne<\/strong>&nbsp;: Dorian Bedel &amp; M\u00e9rav Doukhan<\/p>\n\n\n\n<p><strong><u>Repr\u00e9sentations<\/u><\/strong>&nbsp;: les 10, 11, 13 et 14 octobre 2014 au Centre Culturel Jacques Brel de Villebon sur Yvette.<\/p>\n\n\n\n<p><strong>Nombre de spectateurs<\/strong>&nbsp;: 1700<\/p>\n<\/div>\n<\/div><\/div>\n\n\n\n<div class=\"wp-block-media-text alignwide has-media-on-the-right is-stacked-on-mobile\" style=\"grid-template-columns:auto 35%\"><div class=\"wp-block-media-text__content\">\n<div class=\"wp-block-group has-global-padding is-layout-constrained wp-block-group-is-layout-constrained\">\n<p class=\"has-large-font-size\"><strong>2013 : \u00ab\u00a0Le Temps des Zicos\u00a0\u00bb<\/strong><\/p>\n\n\n\n<p><strong>En bref&#8230;<\/strong><\/p>\n\n\n\n<p><strong>Sixi\u00e8me spectacle<\/strong>&nbsp;: 31 chanteurs et 11 musiciens sur sc\u00e8ne.<\/p>\n\n\n\n<p><strong>Dur\u00e9e du concert<\/strong>&nbsp;: 2h20<\/p>\n\n\n\n<p><strong>Produit par<\/strong>&nbsp;: Zicorama 91<\/p>\n\n\n\n<p><strong>Direction musicale<\/strong>&nbsp;: Nathan Bedel<\/p>\n\n\n\n<p><strong>Arrangements musicaux<\/strong>&nbsp;: Nathan Bedel, Gr\u00e9gory Erb<\/p>\n\n\n\n<p><strong>Direction artistique, Mise en sc\u00e8ne<\/strong>&nbsp;: Dorian Bedel &amp; Merav Doukhan<\/p>\n\n\n\n<p><strong><u>Repr\u00e9sentations<\/u><\/strong>&nbsp;: les 30 et 31 mars 2013 au th\u00e9\u00e2tre de Longjumeau et le 2 avril \u00e0 l&rsquo;espace Georges Brassens d&rsquo;Itteville.<\/p>\n\n\n\n<p><strong>Nombre de spectateurs<\/strong>&nbsp;: 1500<\/p>\n<\/div>\n<\/div><figure class=\"wp-block-media-text__media\"><a href=\"https:\/\/www.zicosite.fr\/new_site\/la-play-list-de-le-temps-des-zicos\/\" target=\"_blank\" rel=\"noreferrer noopener\"><img loading=\"lazy\" decoding=\"async\" width=\"218\" height=\"300\" src=\"https:\/\/www.zicosite.fr\/new_site\/wp-content\/uploads\/2023\/06\/affiche2013_longjumeau_mini.jpg\" alt=\"\" class=\"wp-image-34 size-full\"\/><\/a><\/figure><\/div>\n\n\n\n<div class=\"wp-block-media-text alignwide is-stacked-on-mobile\" style=\"grid-template-columns:35% auto\"><figure class=\"wp-block-media-text__media\"><a href=\"https:\/\/www.zicosite.fr\/new_site\/la-play-list-de-les-zicos-demenagent\/\" target=\"_blank\" rel=\"noreferrer noopener\"><img loading=\"lazy\" decoding=\"async\" width=\"356\" height=\"525\" src=\"https:\/\/www.zicosite.fr\/new_site\/wp-content\/uploads\/2023\/06\/affiche2012.jpg\" alt=\"\" class=\"wp-image-35 size-full\" srcset=\"https:\/\/www.zicosite.fr\/new_site\/wp-content\/uploads\/2023\/06\/affiche2012.jpg 356w, https:\/\/www.zicosite.fr\/new_site\/wp-content\/uploads\/2023\/06\/affiche2012-203x300.jpg 203w\" sizes=\"auto, (max-width: 356px) 100vw, 356px\" \/><\/a><\/figure><div class=\"wp-block-media-text__content\">\n<div class=\"wp-block-group has-global-padding is-layout-constrained wp-block-group-is-layout-constrained\">\n<p class=\"has-large-font-size\"><strong>2012 : \u00ab\u00a0Les Zicos d\u00e9m\u00e9nagent\u00a0\u00bb<\/strong><\/p>\n\n\n\n<p class=\"has-small-font-size\"><strong>En bref&#8230;<\/strong>&nbsp;<\/p>\n\n\n\n<p><strong>Cinqui\u00e8me spectacle<\/strong>&nbsp;: 29 chanteurs et 11 musiciens sur sc\u00e8ne.<\/p>\n\n\n\n<p><strong>Dur\u00e9e du concert<\/strong>&nbsp;: 2h35<\/p>\n\n\n\n<p><strong>Produit par<\/strong>&nbsp;: Zicorama 91<\/p>\n\n\n\n<p><strong>Direction musicale<\/strong>&nbsp;: Beno\u00eet Noeppel<\/p>\n\n\n\n<p><strong>Direction artistique, Mise en sc\u00e8ne<\/strong>&nbsp;: Dorian Bedel &amp; Merav Doukhan<\/p>\n\n\n\n<p><strong><u>Repr\u00e9sentations<\/u><\/strong>&nbsp;: les 16, 17, 19 et 20 mars 2012 au Centre Culturel Jacques Brel de Villebon sur Yvette.<\/p>\n\n\n\n<p><strong>Nombre de spectateurs<\/strong>&nbsp;: 1755<\/p>\n<\/div>\n<\/div><\/div>\n\n\n\n<div class=\"wp-block-media-text alignwide has-media-on-the-right is-stacked-on-mobile\" style=\"grid-template-columns:auto 35%\"><div class=\"wp-block-media-text__content\">\n<div class=\"wp-block-group has-global-padding is-layout-constrained wp-block-group-is-layout-constrained\">\n<p class=\"has-large-font-size\"><strong>2010 : \u00ab\u00a0Le cercle des Zicos\u00a0\u00bb<\/strong><\/p>\n\n\n\n<p><strong>En bref&#8230;<\/strong><\/p>\n\n\n\n<p><strong>Quatri\u00e8me spectacle<\/strong>&nbsp;: 28 chanteurs et 9 musiciens sur sc\u00e8ne.<\/p>\n\n\n\n<p><strong>Dur\u00e9e du concert<\/strong>&nbsp;: 3h00<\/p>\n\n\n\n<p><strong>Produit par<\/strong>&nbsp;: Zicorama 91<\/p>\n\n\n\n<p><strong>Direction musicale<\/strong>&nbsp;: Beno\u00eet Noeppel<\/p>\n\n\n\n<p><strong>Direction artistique et Mise en sc\u00e8ne<\/strong>&nbsp;: Dorian Bedel &amp; Merav Doukhan<\/p>\n\n\n\n<p><strong><u>Repr\u00e9sentations<\/u><\/strong>&nbsp;: les 12, 13 et 14 f\u00e9vrier 2010 au Grand D\u00f4me de Villebon.<\/p>\n\n\n\n<p><strong>Nombre de spectateurs<\/strong>&nbsp;: 2000<\/p>\n<\/div>\n<\/div><figure class=\"wp-block-media-text__media\"><a href=\"https:\/\/www.zicosite.fr\/new_site\/la-play-list-de-le-cercle-des-zicos\/\" target=\"_blank\" rel=\"noreferrer noopener\"><img loading=\"lazy\" decoding=\"async\" width=\"425\" height=\"601\" src=\"https:\/\/www.zicosite.fr\/new_site\/wp-content\/uploads\/2023\/06\/affiche2009.png\" alt=\"\" class=\"wp-image-36 size-full\" srcset=\"https:\/\/www.zicosite.fr\/new_site\/wp-content\/uploads\/2023\/06\/affiche2009.png 425w, https:\/\/www.zicosite.fr\/new_site\/wp-content\/uploads\/2023\/06\/affiche2009-212x300.png 212w\" sizes=\"auto, (max-width: 425px) 100vw, 425px\" \/><\/a><\/figure><\/div>\n\n\n\n<div class=\"wp-block-media-text alignwide is-stacked-on-mobile\" style=\"grid-template-columns:35% auto\"><figure class=\"wp-block-media-text__media\"><a href=\"https:\/\/www.zicosite.fr\/new_site\/la-play-list-de-le-match-des-zicos\/\" target=\"_blank\" rel=\"noreferrer noopener\"><img loading=\"lazy\" decoding=\"async\" width=\"320\" height=\"453\" src=\"https:\/\/www.zicosite.fr\/new_site\/wp-content\/uploads\/2023\/06\/affiche2008_villebon_mini.jpg\" alt=\"\" class=\"wp-image-37 size-full\" srcset=\"https:\/\/www.zicosite.fr\/new_site\/wp-content\/uploads\/2023\/06\/affiche2008_villebon_mini.jpg 320w, https:\/\/www.zicosite.fr\/new_site\/wp-content\/uploads\/2023\/06\/affiche2008_villebon_mini-212x300.jpg 212w\" sizes=\"auto, (max-width: 320px) 100vw, 320px\" \/><\/a><\/figure><div class=\"wp-block-media-text__content\">\n<div class=\"wp-block-group has-global-padding is-layout-constrained wp-block-group-is-layout-constrained\">\n<p class=\"has-large-font-size\"><strong>2008 : \u00ab\u00a0Le match des Zicos\u00a0\u00bb<\/strong><\/p>\n\n\n\n<p><strong>En bref&#8230;<\/strong><\/p>\n\n\n\n<p><strong>Troisi\u00e8me spectacle<\/strong>&nbsp;: 29 chanteurs et 9 musiciens sur sc\u00e8ne.<\/p>\n\n\n\n<p><strong>Dur\u00e9e du concert<\/strong>&nbsp;: 2h40<\/p>\n\n\n\n<p><strong>Produit par<\/strong>&nbsp;: Zicorama 91<\/p>\n\n\n\n<p><strong>Direction musicale<\/strong>&nbsp;: Beno\u00eet Noeppel<\/p>\n\n\n\n<p><strong>Direction artistique<\/strong>&nbsp;: Dorian Bedel<\/p>\n\n\n\n<p><strong><u>Mise en sc\u00e8ne<\/u><\/strong>&nbsp;: M\u00e9rav Doukhan<\/p>\n\n\n\n<p>Donn\u00e9 les 15, 16, 17 F\u00e9vrier 2008 \u00e0 Villejust (Salle de la Poupardi\u00e8re) et 17 et 18 octobre 2008 \u00e0 Villebon (Salle Jacques Brel)<\/p>\n\n\n\n<p><strong>Nombre de spectateurs<\/strong>&nbsp;: environ 1850<\/p>\n<\/div>\n<\/div><\/div>\n\n\n\n<div class=\"wp-block-media-text alignwide has-media-on-the-right is-stacked-on-mobile\" style=\"grid-template-columns:auto 35%\"><div class=\"wp-block-media-text__content\">\n<div class=\"wp-block-group has-global-padding is-layout-constrained wp-block-group-is-layout-constrained\">\n<p class=\"has-large-font-size\"><strong>2006 : \u00ab\u00a0Les Zicos en voyage\u00a0\u00bb<\/strong><\/p>\n\n\n\n<p><strong>En bref&#8230;<\/strong><\/p>\n\n\n\n<p><strong>Deuxi\u00e8me spectacle<\/strong>&nbsp;: 27 chanteurs et 6 musiciens sur sc\u00e8ne.<\/p>\n\n\n\n<p><strong>Dur\u00e9e du concert<\/strong>&nbsp;: 2h40<\/p>\n\n\n\n<p><strong>Produit par<\/strong>&nbsp;: Zicorama 91<\/p>\n\n\n\n<p><strong>Direction musicale<\/strong>&nbsp;: Beno\u00eet Noeppel<\/p>\n\n\n\n<p><strong>Direction artistique<\/strong>&nbsp;: Dorian Bedel<\/p>\n\n\n\n<p><strong><u>Mise en sc\u00e8ne<\/u><\/strong>&nbsp;: M\u00e9rav Doukhan assist\u00e9e de Flora Meunier<\/p>\n\n\n\n<p>Donn\u00e9 le 21 octobre 2006 \u00e0 Villebon (Salle Jacques Brel) et les 17, 18, 19 novembre 2006 \u00e0 Villejust (Salle de la Poupardi\u00e8re).<\/p>\n\n\n\n<p><strong>Nombre de spectateurs<\/strong>&nbsp;: 1520.<\/p>\n<\/div>\n<\/div><figure class=\"wp-block-media-text__media\"><a href=\"https:\/\/www.zicosite.fr\/new_site\/la-play-list-de-les-zicos-en-voyage\/\" target=\"_blank\" rel=\"noreferrer noopener\"><img loading=\"lazy\" decoding=\"async\" width=\"330\" height=\"462\" src=\"https:\/\/www.zicosite.fr\/new_site\/wp-content\/uploads\/2023\/06\/affiche2006_mini.jpg\" alt=\"\" class=\"wp-image-38 size-full\" srcset=\"https:\/\/www.zicosite.fr\/new_site\/wp-content\/uploads\/2023\/06\/affiche2006_mini.jpg 330w, https:\/\/www.zicosite.fr\/new_site\/wp-content\/uploads\/2023\/06\/affiche2006_mini-214x300.jpg 214w\" sizes=\"auto, (max-width: 330px) 100vw, 330px\" \/><\/a><\/figure><\/div>\n\n\n\n<div class=\"wp-block-media-text alignwide is-stacked-on-mobile\" style=\"grid-template-columns:35% auto\"><figure class=\"wp-block-media-text__media\"><a href=\"https:\/\/www.zicosite.fr\/new_site\/la-play-list-de-des-chansons-plein-les-yeux\/\" target=\"_blank\" rel=\"noreferrer noopener\"><img loading=\"lazy\" decoding=\"async\" width=\"330\" height=\"441\" src=\"https:\/\/www.zicosite.fr\/new_site\/wp-content\/uploads\/2023\/06\/affiche2005_mini.jpg\" alt=\"\" class=\"wp-image-39 size-full\" srcset=\"https:\/\/www.zicosite.fr\/new_site\/wp-content\/uploads\/2023\/06\/affiche2005_mini.jpg 330w, https:\/\/www.zicosite.fr\/new_site\/wp-content\/uploads\/2023\/06\/affiche2005_mini-224x300.jpg 224w\" sizes=\"auto, (max-width: 330px) 100vw, 330px\" \/><\/a><\/figure><div class=\"wp-block-media-text__content\">\n<div class=\"wp-block-group has-global-padding is-layout-constrained wp-block-group-is-layout-constrained\">\n<p class=\"has-large-font-size\"><strong>2005 : \u00ab\u00a0Des chansons plein les yeux\u00a0\u00bb<\/strong><\/p>\n\n\n\n<p><strong>En bref&#8230;<\/strong><\/p>\n\n\n\n<p><strong>Premier spectacle<\/strong>&nbsp;: 22 chanteurs et 9 musiciens sur sc\u00e8ne.<\/p>\n\n\n\n<p><strong>Dur\u00e9e du concert<\/strong>&nbsp;: 2h25<\/p>\n\n\n\n<p><strong>Produit par<\/strong>&nbsp;: Local\u2019Zique et le Th\u00e9\u00e2tre Lagrange<\/p>\n\n\n\n<p><strong>Direction musicale<\/strong>&nbsp;: Beno\u00eet Noeppel<\/p>\n\n\n\n<p><strong>Direction artistique<\/strong>&nbsp;: Dorian Bedel<\/p>\n\n\n\n<p>Donn\u00e9 les 18, 19, 20 novembre 2005 \u00e0 Villejust (Salle de la Poupardi\u00e8re)<\/p>\n\n\n\n<p><strong>Nombre de spectateurs<\/strong>&nbsp;: 1100.<\/p>\n<\/div>\n<\/div><\/div>\n\n\n\n<p><\/p>\n","protected":false},"excerpt":{"rendered":"<p>2025 : G\u00e9n\u00e9ration Zicos En bref&#8230; Seizi\u00e8me spectacle : 31 chanteurs et 13 musiciens sur sc\u00e8ne Produit par : La Troupe des Zicos Dur\u00e9e du concert : 2h55 Direction musicale et Arrangements : Nathan Bedel Direction artistique et Mise en sc\u00e8ne : M\u00e9rav Doukhan et Dorian Bedel Repr\u00e9sentations : 10 concerts du 8 au 16 [&hellip;]<\/p>\n","protected":false},"author":1,"featured_media":0,"parent":0,"menu_order":0,"comment_status":"closed","ping_status":"closed","template":"","meta":{"footnotes":""},"class_list":["post-13","page","type-page","status-publish","hentry"],"_links":{"self":[{"href":"https:\/\/www.zicosite.fr\/new_site\/wp-json\/wp\/v2\/pages\/13","targetHints":{"allow":["GET"]}}],"collection":[{"href":"https:\/\/www.zicosite.fr\/new_site\/wp-json\/wp\/v2\/pages"}],"about":[{"href":"https:\/\/www.zicosite.fr\/new_site\/wp-json\/wp\/v2\/types\/page"}],"author":[{"embeddable":true,"href":"https:\/\/www.zicosite.fr\/new_site\/wp-json\/wp\/v2\/users\/1"}],"replies":[{"embeddable":true,"href":"https:\/\/www.zicosite.fr\/new_site\/wp-json\/wp\/v2\/comments?post=13"}],"version-history":[{"count":13,"href":"https:\/\/www.zicosite.fr\/new_site\/wp-json\/wp\/v2\/pages\/13\/revisions"}],"predecessor-version":[{"id":1144,"href":"https:\/\/www.zicosite.fr\/new_site\/wp-json\/wp\/v2\/pages\/13\/revisions\/1144"}],"wp:attachment":[{"href":"https:\/\/www.zicosite.fr\/new_site\/wp-json\/wp\/v2\/media?parent=13"}],"curies":[{"name":"wp","href":"https:\/\/api.w.org\/{rel}","templated":true}]}}