{"id":828,"date":"2024-05-10T23:34:41","date_gmt":"2024-05-10T21:34:41","guid":{"rendered":"https:\/\/www.zicosite.fr\/new_site\/?page_id=828"},"modified":"2024-05-10T23:34:42","modified_gmt":"2024-05-10T21:34:42","slug":"la-play-list-de-la-fete-des-zicos","status":"publish","type":"page","link":"https:\/\/www.zicosite.fr\/new_site\/la-play-list-de-la-fete-des-zicos\/","title":{"rendered":"La Play List de \u00ab\u00a0La f\u00eate des Zicos\u00a0\u00bb"},"content":{"rendered":"<table align=\"center\">\n<tbody>\n<tr>\n<td>\n<blockquote><p><i>1) Est-ce que tu me suis<\/i> <i><span style=\"color: green;\"> Mika Apamian, <\/span><\/i><span style=\"color: #008000;\"><i>Laura Soldini et les Zicos<\/i><\/span><\/p>\n<p>2) Tableau F\u00caTE<\/p>\n<div style=\"margin-left: 72.0pt;\">\u2022 La f\u00eate <span style=\"color: #008000;\"> Tatiana B., Sandrine Griveau, M\u00f6dh, Laetitia Vanhoollandt<\/span><\/div>\n<div style=\"margin-left: 72.0pt;\">\n<p>\u2022 C&rsquo;est ma f\u00eate <span style=\"color: #008000;\">Anita Tichit <\/span><\/p>\n<p>\u2022 Ta f\u00eate <span style=\"color: #008000;\">Myriam Fi\u00e9v\u00e9<\/span><\/p>\n<p>\u2022 <span style=\"font-family: Times New Roman;\">C&rsquo;est la f\u00eate<\/span> <span style=\"color: #008000;\">Herv\u00e9 Merkel, Laetitia Vinot<\/span><\/p>\n<p>\u2022 La fiesta <span style=\"color: #008000;\">Yohan Garcia<\/span><\/p>\n<\/div>\n<p>3) They don&rsquo;t care about us <span style=\"color: #008000;\">Joseph Rebelo, Laurent Roux, Laetitia Vanhoollandt<\/span><\/p>\n<p>Choeurs : <span style=\"color: #008000;\">Mika Apaman, Guillaume Dessay, Madeleine Henri, La\u00ebtitia Vinot<br \/>\n<\/span>Danse : <span style=\"color: #008000;\">Tatiana B., M\u00e9rav Doukhan, <\/span> <span style=\"color: green;\"> Estelle Fi\u00e9v\u00e9, Myriam Fi\u00e9v\u00e9, Sandrine Griveau, <\/span> <span style=\"color: #008000;\">Emilie Lacombe, No\u00e9mie Luxain, Marie Rodrigues, Laura Soldini, Diana Vicente<\/span><\/p>\n<p>4)\u00a0 Si maman si <span style=\"color: #008000;\"> M\u00f6dh, Christine Pereira, Audrey P\u00e9tric et les enfants<\/span><\/p>\n<p>5) Medley Tourisme<\/p><\/blockquote>\n<div style=\"margin-left: 72.0pt;\">\n<p>\u2022 London Calling <span style=\"color: #008000;\">Emilie Lacombe<br \/>\n<\/span>Choeurs : <span style=\"color: #008000;\">Mika Apamian, Laurent Roux<\/span><\/p>\n<p>\u2022 Si tu vas \u00e0 Rio <span style=\"color: #008000;\">Denie Elme<br \/>\n<\/span>Choeurs et danse: <span style=\"color: #008000;\">Sandrine Griveau, Laetitia Vinot<\/span><\/p>\n<p>\u2022 Englishman in New York <span style=\"color: #008000;\"> Guillaume Dessay<\/span><\/p>\n<p>\u2022 <span style=\"font-family: Times New Roman;\">Je m&rsquo;appelle Bagdad<\/span> <span style=\"color: #008000;\">Diana Vicente<\/span><\/p>\n<p>\u2022 Les valses de Vienne <span style=\"color: #008000;\">Cristof Gere<br \/>\n<\/span>Danse: <span style=\"color: #008000;\">Herv\u00e9 Merkel, Laura Soldini<\/span><\/p>\n<p>\u2022 Je sais o\u00f9 aller <span style=\"color: #008000;\">Dorian Bedel<\/span><\/p>\n<\/div>\n<blockquote><p>6) L&rsquo;\u00e9quipe \u00e0 Jojo <span style=\"color: #008000;\">Denis Elme, Yohan Garcia, Laurent Roux <\/span><\/p>\n<p>7) What a feeling <span style=\"color: #008000;\">Tatiana B., No\u00e9mie Luxain <\/span><\/p>\n<p>Choeurs : <span style=\"color: #008000;\">Guillaume Drivierre, Audrey P\u00e9tric, Joseph Rebelo, Diana Vicente<br \/>\n<\/span>Danse : <span style=\"color: #008000;\">M\u00e9rav Doukhan, <\/span> <span style=\"color: green;\"> Estelle Fi\u00e9v\u00e9, Myriam Fi\u00e9v\u00e9, Sandrine Griveau<\/span><\/p>\n<p>8) Tout va tr\u00e8s bien Madame la marquise <span style=\"color: #008000;\"> Dorian Bedel, Sandrine Drawin, Maxime Frey, Martine Saliceti, Anita Tichit<\/span><\/p>\n<p>9) Medley Zapping<\/p><\/blockquote>\n<div style=\"margin-left: 72.0pt;\">\n<p>\u2022 Je zappe et je mate <span style=\"color: #008000;\">Maxime Frey, Laura Soldini<\/span><\/p>\n<p>\u2022 Le chien dans la vitrine <span style=\"color: #008000;\"> Myriam Fi\u00e9v\u00e9, Laurent Roux<\/span><\/p>\n<p>\u2022 I&rsquo;ll be there for you <span style=\"color: #008000;\">Estelle Fi\u00e9v\u00e9, Herv\u00e9 Merkel, Marie Rodrigues<\/span><\/p>\n<p>\u2022 Saint Claude <span style=\"color: #008000;\">No\u00e9mie Luxain<br \/>\n<\/span>Danse : <span style=\"color: #008000;\">M\u00e9rav Doukhan, Emilie Lacombe, M\u00f6dh<\/span><\/p>\n<p>\u2022 Laurel et Hardy <span style=\"color: #008000;\">Fr\u00e9d\u00e9ric Batty, Cristof Gere<\/span><\/p>\n<p>\u2022 J&rsquo;ai vu <span style=\"color: #008000;\">Sandrine Griveau, Joseph Rebelo<\/span><\/p>\n<p>\u2022 We are the champions <span style=\"color: #008000;\"> Guillaume Drivierre, Madeleine Henri, Laetitia Vinot<\/span><\/p>\n<\/div>\n<blockquote><p>10) Je t&#8217;emm\u00e8ne au vent <span style=\"color: #008000;\">Guillaume Drivierre, Maxime Frey, Emilie Lacombe, Diana Vicente <\/span><\/p>\n<p>Danse : <span style=\"color: #008000;\">M\u00e9rav Doukhan, <\/span><span style=\"color: green;\"> Sandrine Griveau, No\u00e9mie Luxain, Laura Soldini<\/span><\/p>\n<p>11)\u00a0Ma libert\u00e9 <span style=\"color: #008000;\">Fr\u00e9d\u00e9ric Batty, Guillaume Dessay, Yohan Garcia, Herv\u00e9 Merkel<\/span><\/p>\n<p>12) Medley Dancefloor<\/p><\/blockquote>\n<div style=\"margin-left: 72.0pt;\">\n<p>\u2022 La plus belle pour aller danser <span style=\"color: green;\"> Estelle Fi\u00e9v\u00e9 <\/span><\/p>\n<p>\u2022 Music <span style=\"color: green;\">Myriam Fi\u00e9v\u00e9, Marie Rodrigues <\/span><\/p>\n<p>\u2022 Pour un flirt <span style=\"color: #008000;\"> M\u00e9rav Doukhan\u00a0<\/span><\/p>\n<p>\u2022 Dangerous <span style=\"color: #008000;\">Tatiana B., Diana Vicente<\/span><\/p>\n<p>\u2022 Je me sens si seul <span style=\"color: #008000;\">Guillaume Drivierre<\/span><\/p>\n<p>\u2022 Les d\u00e9mons de minuit <span style=\"color: #008000;\"> Guillaume Dessay, Christine Pereira, Audrey P\u00e9tric<\/span><\/p>\n<\/div>\n<blockquote><p>13) Le portrait <span style=\"color: #008000;\">Dorian Bedel, Laetitia Vinot<\/span><\/p>\n<p>Danse :<span style=\"color: green;\"> Christa, Audrey, Caroline, Audrey<\/span><\/p>\n<p>14) Medley Souvenez-vous des paroles<\/p><\/blockquote>\n<div style=\"margin-left: 72.0pt;\">\n<p>\u2022 Le coup de soleil <span style=\"color: #008000;\">Audrey P\u00e9tric, Joseph Rebelo<\/span><\/p>\n<p>\u2022 Antisocial <span style=\"color: #008000;\">Fr\u00e9d\u00e9ric Batty, M\u00e9rav Doukhan<\/span><\/p>\n<p>\u2022 La java bleue <span style=\"color: #008000;\">Laetitia Vanhoollandt<\/span><\/p>\n<p>\u2022 Jolie m\u00f4me <span style=\"color: #008000;\">Sandrine Drawin<\/span><\/p>\n<p>\u2022 Gabrielle <span style=\"color: #008000;\">Mika Apamian<\/span><\/p>\n<\/div>\n<div style=\"margin-left: 72.0pt;\">\n<p>\u2022 La musique <span style=\"color: #008000;\">Denis Elme, Madeleine Henri<\/span><\/p>\n<\/div>\n<blockquote><p>15) Toi + Moi <span style=\"color: #008000;\">Estelle Fi\u00e9v\u00e9, Cristof Gere, Sandrine Griveau, Marie Rodrigues<\/span><\/p>\n<p>16) Medley Caritatif<\/p><\/blockquote>\n<div style=\"margin-left: 72.0pt;\">\n<p>\u2022 Sa raison d&rsquo;\u00eatre <span style=\"color: #008000;\">Sandrine Drawin, Maxime Frey, Christine Pereira<\/span><\/p>\n<p>\u2022 Des ricochets <span style=\"color: #008000;\">Madeleine Henri, Emilie Lacombe, Laura Soldini<\/span><\/p>\n<p>\u2022 Chanson pour l&rsquo;Ethiopie <span style=\"color: #008000;\"> Dorian Bedel, Anita Tichit<\/span><\/p>\n<p>\u2022 Pour toi Arm\u00e9nie <span style=\"color: #008000;\">Mika Apamian, No\u00e9mie Luxain<\/span><\/p>\n<p>\u2022 We are the world <span style=\"color: #008000;\">M\u00e9rav Doukhan, Cristof Gere, M\u00f6dh et les Zicos<\/span><\/p>\n<\/div>\n<blockquote><p>17) On \u00e9crit sur les murs<span style=\"color: #008000;\"> Mika Apamian, Fr\u00e9d\u00e9ric Batty, Dorian Bedel, Tatiana B., M\u00e9rav Doukhan, Sandrine Drawin, Denis Elme, Maxime Frey, Yohan Garcia, Cristof Gere, Sandrine Griveau, Madeleine Henri, Herv\u00e9 Merkel, M\u00f6dh, Christine Pereira, Laurent Roux, Laura Soldini, La\u00ebtitia Vanhoollandt, Diana Vicente, La\u00ebtitia Vinot et les Zicos<\/span><\/p>\n<p>18) Place des grands hommes <span style=\"color: #008000;\"> Dorian Bedel, Tatiana B., Guillaume Dessay, M\u00e9rav Doukhan, Estelle Fi\u00e9v\u00e9, Madeleine Henri, No\u00e9mie Luxain, Martine Saliceti, Anita Tichit et les Zicos<\/span><\/p><\/blockquote>\n<\/td>\n<\/tr>\n<tr>\n<td>\n<p align=\"center\">\n<p align=\"center\"><span style=\"font-size: small;\">\u00a9 Le site des Zicos 2014 &#8211; Tous droits r\u00e9serv\u00e9s sur l&rsquo;interface et le contenu.<\/span><\/p>\n<\/td>\n<\/tr>\n<tr>\n<td><\/td>\n<\/tr>\n<\/tbody>\n<\/table>\n","protected":false},"excerpt":{"rendered":"<p>1) Est-ce que tu me suis Mika Apamian, Laura Soldini et les Zicos 2) Tableau F\u00caTE \u2022 La f\u00eate Tatiana B., Sandrine Griveau, M\u00f6dh, Laetitia Vanhoollandt \u2022 C&rsquo;est ma f\u00eate Anita Tichit \u2022 Ta f\u00eate Myriam Fi\u00e9v\u00e9 \u2022 C&rsquo;est la f\u00eate Herv\u00e9 Merkel, Laetitia Vinot \u2022 La fiesta Yohan Garcia 3) They don&rsquo;t care about [&hellip;]<\/p>\n","protected":false},"author":1,"featured_media":0,"parent":0,"menu_order":0,"comment_status":"closed","ping_status":"closed","template":"","meta":{"footnotes":""},"class_list":["post-828","page","type-page","status-publish","hentry"],"_links":{"self":[{"href":"https:\/\/www.zicosite.fr\/new_site\/wp-json\/wp\/v2\/pages\/828","targetHints":{"allow":["GET"]}}],"collection":[{"href":"https:\/\/www.zicosite.fr\/new_site\/wp-json\/wp\/v2\/pages"}],"about":[{"href":"https:\/\/www.zicosite.fr\/new_site\/wp-json\/wp\/v2\/types\/page"}],"author":[{"embeddable":true,"href":"https:\/\/www.zicosite.fr\/new_site\/wp-json\/wp\/v2\/users\/1"}],"replies":[{"embeddable":true,"href":"https:\/\/www.zicosite.fr\/new_site\/wp-json\/wp\/v2\/comments?post=828"}],"version-history":[{"count":1,"href":"https:\/\/www.zicosite.fr\/new_site\/wp-json\/wp\/v2\/pages\/828\/revisions"}],"predecessor-version":[{"id":829,"href":"https:\/\/www.zicosite.fr\/new_site\/wp-json\/wp\/v2\/pages\/828\/revisions\/829"}],"wp:attachment":[{"href":"https:\/\/www.zicosite.fr\/new_site\/wp-json\/wp\/v2\/media?parent=828"}],"curies":[{"name":"wp","href":"https:\/\/api.w.org\/{rel}","templated":true}]}}